{"id":165,"date":"2021-05-18T13:56:35","date_gmt":"2021-05-18T11:56:35","guid":{"rendered":"http:\/\/pruszczgdanski.home.pl\/autoinstalator\/wordpressplugins2\/?page_id=165"},"modified":"2021-05-18T14:01:03","modified_gmt":"2021-05-18T12:01:03","slug":"automatycznie-zapisany-szkic","status":"publish","type":"page","link":"https:\/\/splegowo.pl\/index.php\/automatycznie-zapisany-szkic\/","title":{"rendered":"Patron Szko\u0142y Podstawowej w \u0141\u0119gowie"},"content":{"rendered":"\n<p>Patronem naszej szko\u0142y s\u0105&nbsp;<strong>Bohaterowie Grudnia &#8217;70<\/strong>&nbsp;&#8211; robotnicy polscy, kt\u00f3rzy 14 XII 1970 r. wyst\u0105pili przeciwko radykalnym podwy\u017ckom cen, w rzeczywisto\u015bci za\u015b sprzeciwili si\u0119 komunistycznej w\u0142adzy. Byli Oni i nadal s\u0105, bliscy sercom Polak\u00f3w i szczeg\u00f3lnie nam, mieszka\u0144com Pomorza, dlatego te\u017c postanowili\u015bmy nada\u0107 szkole imi\u0119 tych bohaterskich cz\u0142onk\u00f3w naszego spo\u0142ecze\u0144stwa.<\/p>\n\n\n\n<p><strong>KALENDARIUM WYDARZE\u0143<\/strong><\/p>\n\n\n\n<p><strong>13 grudnia 1970 r.<\/strong>&nbsp;rano og\u0142oszono podwy\u017ck\u0119 cen \u017cywno\u015bci w formie uchwa\u0142y Rady Ministr\u00f3w o &#8222;zmianie cen detalicznych ca\u0142ego szeregu wyrob\u00f3w&#8221;. Podano, \u017ce ceny mi\u0119sa podwy\u017cszono \u015brednio o 17,6 proc.<\/p>\n\n\n\n<p><strong>14 grudnia<\/strong>&nbsp;obradowa\u0142o VI plenum KC PZPR, na kt\u00f3rym m\u00f3wiono o &#8222;sytuacji ekonomicznej&#8221; i o uk\u0142adzie o podstawach normalizacji stosunk\u00f3w mi\u0119dzy PRL a NRF.<\/p>\n\n\n\n<p><strong>14 grudnia<\/strong>&nbsp;w Gda\u0144sku robotnicy stoczni zebrali si\u0119 przed budynkiem dyrekcji, a nast\u0119pnie uformowali poch\u00f3d i poszli pod budynek KW. Wed\u0142ug p\u00f3\u017aniejszych wiadomo\u015bci, wieczorem pojechali na Wybrze\u017ce dzia\u0142acze partyjni i rz\u0105dowi, kt\u00f3rzy dowodzili nast\u0119pnie akcjami wojska i milicji przeciw robotnikom.<\/p>\n\n\n\n<p><strong>15 grudnia<\/strong>&nbsp;robotnicy w Gda\u0144sku nie podj\u0119li pracy, t\u0142umy gromadzi\u0142y si\u0119 na mie\u015bcie, zw\u0142aszcza przed gmachem KW, Komendy Miejskiej MO i prezydium MRN. T\u0142um podpali\u0142 budynek KW, z kt\u00f3rego \u017co\u0142nierze strzelali do demonstrant\u00f3w. Wojsko strzela\u0142o do t\u0142umu przed dworcem. Wieczorem w telewizji gda\u0144skiej wicepremier Kocio\u0142ek uzasadnia\u0142 konieczno\u015b\u0107 u\u017cycia milicji i wojska i stwierdzi\u0142, \u017ce zabito 5 os\u00f3b.<\/p>\n\n\n\n<p><strong>15 grudnia<\/strong>&nbsp;podano do wiadomo\u015bci &#8222;zarz\u0105dzenie porz\u0105dkowe&#8221; prezydium Wojew\u00f3dzkiej Rady Narodowej w Gda\u0144sku, w kt\u00f3rym zakazywano opuszczania mieszka\u0144 mi\u0119dzy 6 po po\u0142udniu i 5 rano.<\/p>\n\n\n\n<p><strong>16 grudnia<\/strong>&nbsp;zgromadzono oddzia\u0142y wojskowe przed Stoczni\u0105 Gda\u0144sk\u0105. Rano, gdy robotnicy usi\u0142owali wyj\u015b\u0107 za bram\u0119, oddano do nich salw\u0119.<\/p>\n\n\n\n<p><strong>17 grudnia<\/strong>&nbsp;pierwsze wiadomo\u015bci o zaj\u015bciach na Wybrze\u017cu podano w prasie centralnej. Pisano, \u017ce &#8222;elementy awanturnicze i chuliga\u0144skie, nie maj\u0105ce nic wsp\u00f3lnego z klas\u0105 robotnicz\u0105, zdemolowa\u0142y i podpali\u0142y kilka budynk\u00f3w publicznych i obrabowa\u0142y kilkana\u015bcie sklep\u00f3w&#8221;. Wspomniano o sze\u015bciu zabitych i kilkudziesi\u0119ciu rannych. Tego dnia rano w Gdyni oddzia\u0142y wojskowe strzela\u0142y do robotnik\u00f3w id\u0105cych do pracy. Strzelano z karabin\u00f3w maszynowych umieszczonych na czo\u0142gach i z helikopter\u00f3w. Nast\u0119pnie strzelano do ludzi gromadz\u0105cych si\u0119 w centrum miasta, przed dworcem i przed gmachem prezydium MRN.<\/p>\n\n\n\n<p><strong>17 grudnia<\/strong>&nbsp;wyszli na ulice pracownicy stoczni szczeci\u0144skich. R\u00f3wnie\u017c w Szczecinie oddzia\u0142y wojskowe strzela\u0142y do stoczniowc\u00f3w.<\/p>\n\n\n\n<p><strong>17 grudnia<\/strong>&nbsp;wieczorem ju\u017c po u\u017cyciu broni w Gda\u0144sku, w Gdyni i w Szczecinie, og\u0142oszono uchwa\u0142\u0119 Rady Ministr\u00f3w zobowi\u0105zuj\u0105c\u0105 &#8222;organy MO, s\u0142u\u017cby bezpiecze\u0144stwa i inne wsp\u00f3\u0142pracuj\u0105ce z nimi organy do podj\u0119cia wszelkich dost\u0119pnych prawnie \u015brodk\u00f3w przymusu, w\u0142\u0105cznie z u\u017cyciem broni, przeciwko osobom dopuszczaj\u0105cym si\u0119 gwa\u0142townych zamach\u00f3w na \u017cycie i zdrowie obywateli, grabie\u017cy i niszczenia mienia oraz urz\u0105dze\u0144 publicznych&#8221;. Zamach\u00f3w na \u017cycie i zdrowie obywateli dopuszcza\u0142o si\u0119 wojsko, ale prawdopodobnie nie o to chodzi\u0142o w uchwale Rady Ministr\u00f3w. Przez radio nadano przem\u00f3wienie premiera Cyrankiewicza, kt\u00f3ry &#8211; podobnie jak przed czternastu laty w Poznaniu &#8211; grozi\u0142 i uspokaja\u0142.<\/p>\n\n\n\n<p><strong>Od 15 grudnia<\/strong>&nbsp;trwa\u0142y zaj\u015bcia w Elbl\u0105gu i 18 grudnia wojsko strzela\u0142o tam do t\u0142umu. 19 grudnia zebra\u0142o si\u0119 Biuro Polityczne KC PZPR w nieobecno\u015bci W\u0142adys\u0142awa Gomu\u0142ki. 20 grudnia zebra\u0142o si\u0119 VII plenum KC PZPR, na kt\u00f3rym pierwszym sekretarzem zosta\u0142 Edward Gierek, z Biura Politycznego KC usuni\u0119to poza Gomu\u0142k\u0105 Jaszczuka, Kliszk\u0119, Spychalskiego i Strzeleckiego. Powo\u0142ano pi\u0119ciu nowych cz\u0142onk\u00f3w Biura Politycznego i trzech nowych cz\u0142onk\u00f3w sekretariatu KC.<\/p>\n\n\n\n<p><strong>21 grudnia<\/strong>&nbsp;opublikowano komunikat o stanie zdrowia Gomu\u0142ki, stwierdzaj\u0105cy &#8222;zaburzenia w uk\u0142adzie kr\u0105\u017cenia, powoduj\u0105ce przemijaj\u0105ce zak\u0142\u00f3cenia sprawno\u015bci widzenia&#8221;.<\/p>\n\n\n\n<p><strong>23 grudnia<\/strong>&nbsp;na posiedzeniu Sejmu Marian Spychalski przesta\u0142 by\u0107 przewodnicz\u0105cym Rady Pa\u0144stwa, a J\u00f3zef Cyrankiewicz przesta\u0142 by\u0107 premierem. Przewodnicz\u0105cym Rady Pa\u0144stwa zosta\u0142 Cyrankiewicz, premierem Piotr Jaroszewicz (kt\u00f3ry pe\u0142ni\u0142 t\u0119 funkcj\u0119 do roku 1980).<\/p>\n\n\n\n<p id=\"prawy\">Fragment ksi\u0105\u017cki Jakuba Karpi\u0144skiego<br>&#8222;Portrety lat. Polska w odcinkach 1944-1988&#8221;,<br>Londyn 1989.<\/p>\n\n\n\n<p id=\"prawy\"><strong>POLEGLI:<\/strong><\/p>\n\n\n\n<p><strong>16 grudnia 1970 r. przy bramie nr 2 Stoczni Gda\u0144skiej<\/strong><\/p>\n\n\n\n<ul><li>Jerzy Matelski<\/li><li>2Stefan Mosiewicz<\/li><\/ul>\n\n\n\n<p><strong>17 grudnia 1970 r. w rejonie przystanku kolejki elektrycznej Gdynia Stocznia<\/strong><\/p>\n\n\n\n<ul><li>Brunon Drywa<\/li><li>Zbigniew Godlewski<\/li><li>Jan K\u0142u\u017cny<\/li><li>Jerzy Kuchcik<\/li><li>Stanis\u0142aw Lewandowski<\/li><li>Zbigniew Nasta\u0142y<\/li><li>J\u00f3zef Paw\u0142owski<\/li><li>Ludwik Piernicki<\/li><li>Jan Polecho\u0144ski<\/li><li>Zygmunt Polito<\/li><li>Stanis\u0142w Sieradzan<\/li><li>Zygmunt Gliniecki<\/li><li>Marian W\u00f3jcik<\/li><\/ul>\n\n\n\n<p><strong>17 grudnia 1970 r. w Szczecinie<\/strong><\/p>\n\n\n\n<ul><li>Stanis\u0142aw Kama\u0107<\/li><li>Jadwiga Kowalczyk<\/li><li>Daniel Ku\u0107ma<\/li><li>Roman Ku\u017cak<\/li><li>Edward Prysak<\/li><li>Zbigniew Semczysyn<\/li><li>Micha\u0142 Skipor<\/li><li>Waldemar Sumi\u0144ski<\/li><li>Julian \u015awi\u0119cicki<\/li><li>Zygmunt Toczek<\/li><li>Wojciech Wo\u017anicki<\/li><li>Janusz Wrzodak<\/li><\/ul>\n\n\n\n<p><strong>18 grudnia 1970 r. w rejonie Stoczni im. Adolfa Warskiego w Szczecinie<\/strong><\/p>\n\n\n\n<ul><li>Eugeniusz B\u0142a\u017cewicz<\/li><li>Stefan Stawicki<\/li><\/ul>\n\n\n\n<p><strong>15 grudnia 1970 r. w Gda\u0144sku<\/strong><\/p>\n\n\n\n<ul><li>Andrzej Perzy\u0144ski<\/li><li>Waldemar Rebinin<\/li><li>J\u00f3zef Widerlik<\/li><li>Kazimierz Zastawny<\/li><\/ul>\n\n\n\n<p><strong>17 grudnia 1970 r. w rejonie budynku Prezydium Miejskiej Rady Narodowej w Gdyni<\/strong><\/p>\n\n\n\n<ul><li>Apolinary Formela<\/li><li>Jerzy Skonieczka<\/li><li>Zbigiew Wycichowski<\/li><li>Waldemar Zajczonko<\/li><li>Janusz \u017bebrowski<\/li><\/ul>\n\n\n\n<p><strong>18 grudnia 1970 r. w Elbl\u0105gu<\/strong><\/p>\n\n\n\n<ul><li>Tadeusz Sawicz<\/li><\/ul>\n\n\n\n<p id=\"block-6d14a9bc-6b5f-4df7-adf5-709202b46cdb\"><strong><em>Ballada o Janku Wi\u015bniewskim:<\/em><\/strong><\/p>\n\n\n\n<pre class=\"wp-block-verse\">Ch\u0142opcy z Grab\u00f3wka, ch\u0142opcy z Chyloni,\nDzisiaj milicja u\u017cy\u0142a broni.\nDzielnie\u015bmy stali i celnie rzucali,\nJanek Wi\u015bniewski pad\u0142.\n\nNa drzwiach ponie\u015bli go \u015awi\u0119toja\u0144sk\u0105,\nNaprzeciw glinom, naprzeciw tankom.\nCh\u0142opcy stoczniowcy pom\u015bcijcie druha!\nJanek Wi\u015bniewski pad\u0142.\n\nHucz\u0105 petardy, snuj\u0105 si\u0119 gazy,\nNa robotnik\u00f3w sypi\u0105 si\u0119 razy.\nPadaj\u0105 dzieci, starcy, kobiety,\nJanek Wi\u015bniewski pad\u0142.\n\nJeden zraniony, drugi zabity,\nKrwi si\u0119 zachcia\u0142o s\u0142upskim bandytom.\nTo w\u0142adza strzela do robotnik\u00f3w,\nJanek Wi\u015bniewski pad\u0142.\n\nStoczniowcy Gdyni, stoczniowcy Gda\u0144ska,\nId\u017acie do domu, sko\u0144czona walka.\n\u015awiat si\u0119 dowiedzia\u0142, nic nie powiedzia\u0142,\nJanek Wi\u015bniewski pad\u0142.\n\nNie p\u0142aczcie matki, to nie na darmo,\nNad stoczni\u0105 sztandar z czarn\u0105 kokard\u0105.\nZa chleb i wolno\u015b\u0107 i now\u0105 Polsk\u0119,\nJanek Wi\u015bniewski pad\u0142.<\/pre>\n\n\n\n<p>wg informacji Zarz\u0105du Regionu Gda\u0144skiego NSZZ &#8222;Solidarno\u015b\u0107&#8221;<\/p>\n","protected":false},"excerpt":{"rendered":"<p>Patronem naszej szko\u0142y s\u0105&nbsp;Bohaterowie Grudnia &#8217;70&nbsp;&#8211; robotnicy polscy, kt\u00f3rzy 14 XII 1970 r. wyst\u0105pili przeciwko radykalnym podwy\u017ckom cen, w rzeczywisto\u015bci &hellip; <\/p>\n","protected":false},"author":1,"featured_media":0,"parent":0,"menu_order":0,"comment_status":"closed","ping_status":"closed","template":"","meta":[],"_links":{"self":[{"href":"https:\/\/splegowo.pl\/index.php\/wp-json\/wp\/v2\/pages\/165"}],"collection":[{"href":"https:\/\/splegowo.pl\/index.php\/wp-json\/wp\/v2\/pages"}],"about":[{"href":"https:\/\/splegowo.pl\/index.php\/wp-json\/wp\/v2\/types\/page"}],"author":[{"embeddable":true,"href":"https:\/\/splegowo.pl\/index.php\/wp-json\/wp\/v2\/users\/1"}],"replies":[{"embeddable":true,"href":"https:\/\/splegowo.pl\/index.php\/wp-json\/wp\/v2\/comments?post=165"}],"version-history":[{"count":0,"href":"https:\/\/splegowo.pl\/index.php\/wp-json\/wp\/v2\/pages\/165\/revisions"}],"wp:attachment":[{"href":"https:\/\/splegowo.pl\/index.php\/wp-json\/wp\/v2\/media?parent=165"}],"curies":[{"name":"wp","href":"https:\/\/api.w.org\/{rel}","templated":true}]}}